{"id":2177,"date":"2021-09-28T17:47:57","date_gmt":"2021-09-28T15:47:57","guid":{"rendered":"https:\/\/www.ts-law.de\/law-firm\/references\/"},"modified":"2023-01-06T09:05:20","modified_gmt":"2023-01-06T08:05:20","slug":"references","status":"publish","type":"page","link":"https:\/\/www.ts-law.de\/en\/references\/","title":{"rendered":"References"},"content":{"rendered":"<div class=\"wpb-content-wrapper\"><p>[vc_row css_animation=&#8221;&#8221; row_type=&#8221;row&#8221; use_row_as_full_screen_section=&#8221;no&#8221; type=&#8221;grid&#8221; angled_section=&#8221;no&#8221; text_align=&#8221;left&#8221; background_image_as_pattern=&#8221;without_pattern&#8221; z_index=&#8221;&#8221; padding_top=&#8221;60&#8243; padding_bottom=&#8221;60&#8243; anchor=&#8221;referenzen&#8221;][vc_column][vc_column_text]<\/p>\n<h1>References<\/h1>\n<p>[\/vc_column_text][vc_empty_space height=&#8221;20px&#8221;]<div class=\"qode-accordion-holder clearfix qode-toggle qode-initial \">\n\t<h3 class=\"clearfix qode-title-holder\">\n<span class=\"qode-tab-title\">\n\t    <span class=\"qode-tab-title-inner\">\n        Gewerbeimmobilien    <\/span>\n<\/span>\n<span class=\"qode-accordion-mark\">\n    <span class=\"qode-accordion-mark-icon\">\n        <span class=\"icon_plus\"><\/span>\n        <span class=\"icon_minus-06\"><\/span>\n    <\/span>\n<\/span>\n<\/h3>\n<div  class=\"qode-accordion-content \" >\n    <div class=\"qode-accordion-content-inner\">\n        [qode_elements_holder number_of_columns=&#8221;two_columns&#8221;][qode_elements_holder_item vertical_alignment=&#8221;top&#8221; horizontal_alignment=&#8221;left&#8221; advanced_animations=&#8221;no&#8221; item_padding=&#8221;0 30px 0 0&#8243;][vc_column_text]<\/p>\n<h4>Hotels<\/h4>\n<ul>\n<li>M\u00f6venpick Hotel, Hamburg (AG)<\/li>\n<li>Hotel HIEX, Frankfurt (AG)<\/li>\n<li>Steigenberger Parkhotel, Braunschweig (AG)<\/li>\n<li>Messe City K\u00f6ln MCK4, K\u00f6ln (AG)<\/li>\n<li>Welcome Hotel, Frankfurt (AG)<\/li>\n<li>Dorint Hotel, Potsdam (AG)<\/li>\n<li>Leonardo Royal Hotel, Hamburg (AG)<\/li>\n<li>Jumeirah Hotel, Frankfurt (AG)<\/li>\n<li>Motel One, Hamburg (AG)<\/li>\n<li>Hotel Riu Plaza, Berlin (AG)<\/li>\n<li>Hilton, Frankfurt (AG)<\/li>\n<li>Hotel im Arnulfpark, M\u00fcnchen (PL)<\/li>\n<li>Marriott, Hamburg (PL)<\/li>\n<li>Marina Resort, Bad Saarow<\/li>\n<li>Wombats, Berlin (PL)<\/li>\n<li>Dorint, Mainz (AG)<\/li>\n<li>Hotel Hafendorf Fleesensee (PL)<\/li>\n<li>Accor-Hotels, Berlin (AG)<\/li>\n<li>Hotel am Gendarmenmarkt, Berlin (AG)<\/li>\n<li>Hotel Chausseestr., Berlin (AG)<\/li>\n<li>Hotelprojekt Voltairestr., Berlin (AG)<\/li>\n<li>InterCityHotels, Erfurt, Magdeburg, N\u00fcrnberg, Freiburg (AG)<\/li>\n<\/ul>\n<p>[\/vc_column_text][vc_empty_space height=&#8221;40px&#8221;][vc_column_text]<\/p>\n<h4>Bankgeb\u00e4ude<\/h4>\n<ul>\n<li>OSA Campus 2, Berlin (AG)<\/li>\n<li>Alter Wall, Hamburg (AG)<\/li>\n<li>diverse Standorte u. a. in Frankfurt, Berlin, Hamburg, Essen und Rostock (AG)<\/li>\n<\/ul>\n<p>[\/vc_column_text][vc_empty_space height=&#8221;40px&#8221;][vc_column_text]<\/p>\n<h4>Shopping-Center<\/h4>\n<ul>\n<li>LOOP5, Weiterstadt (AG)<\/li>\n<li>Neuk\u00f6lln Arcaden, Berlin (AG)<\/li>\n<li>Forum Winterhude, Hamburg (AG)<\/li>\n<li>Bikini Berlin (PL)<\/li>\n<li>Stadtgalerie, Langenfeld (AG)<\/li>\n<li>Hallen am Borsigturm, Berlin (AG)<\/li>\n<li>Wilhelmgalerie, Potsdam (AG)<\/li>\n<li>Markt-Carree, Halle (AG)<\/li>\n<li>Opel-Forum, R\u00fcsselsheim (AG)<\/li>\n<\/ul>\n<p>[\/vc_column_text][vc_empty_space height=&#8221;40px&#8221;][vc_column_text]<\/p>\n<h4>Gewerbeparks<\/h4>\n<ul>\n<li>Gewerbepark, F\u00fcrstenwalde (AG)<\/li>\n<li>Logistikcenter, G\u00fcberfelde (AG)<\/li>\n<li>Europark, Berlin (AG)<\/li>\n<li>Gewerbepark, Pl\u00f6tzin (AG)<\/li>\n<\/ul>\n<p>[\/vc_column_text][vc_empty_space height=&#8221;40px&#8221;][\/qode_elements_holder_item][qode_elements_holder_item vertical_alignment=&#8221;top&#8221; horizontal_alignment=&#8221;left&#8221; advanced_animations=&#8221;no&#8221; item_padding=&#8221;0 30px 0 0&#8243;][vc_column_text]<\/p>\n<h4>Gewerbemietobjekte und B\u00fcroparks<\/h4>\n<ul>\n<li>Meandris, Frankfurt (AG)<\/li>\n<li>Ma\u2018Ro, Frankfurt (AG)<\/li>\n<li>Mainzero, Frankfurt (AG)<\/li>\n<li>Nextower, Frankfurt (AG)<\/li>\n<li>Palais Quartier, Frankfurt (AG)<\/li>\n<li>Capricorn House, D\u00fcsseldorf (AG)<\/li>\n<li>WestendDuo, Frankfurt (AG)<\/li>\n<li>Airport Business Center Schkeuditz, Schkeuditz (AG)<\/li>\n<li>Netzquartier, Berlin (AG)<\/li>\n<li>B\u00fcrohaus Theo 10, Stuttgart (AG)<\/li>\n<li>METRIS, M\u00fcnchen (AG)<\/li>\n<li>Allianz HVU, M\u00fcnchen-Unterf\u00f6hring (AG)<\/li>\n<li>B\u00fcropark, D\u00fcsseldorf (AG)<\/li>\n<li>Einzelhandels- und B\u00fcroobjekt K\u00f6nigsallee, D\u00fcsseldorf (AG)<\/li>\n<li>Munich Airport Business Park Hallbergmoos, M\u00fcnchen (AG)<\/li>\n<li>B\u00fcrokomplex Frankfurt City (AG)<\/li>\n<li>B\u00fcroobjekt Einsteinring, M\u00fcnchen (AG)<\/li>\n<li>B\u00fcroobjekt Prinzregentenstr., M\u00fcnchen (AG)<\/li>\n<li>B\u00fcroobjekt, Hamburg (AG)<\/li>\n<li>B\u00fcroobjekt, Duisburg (AG)<\/li>\n<li>Leibniz-Kolonnaden, Berlin (AG)<\/li>\n<li>Ph\u00f6nix Gr\u00fcnderzentrum, Berlin (AG)<\/li>\n<li>Borsighallen, Berlin (AG)<\/li>\n<li>Gesundheitszentrum, Berlin (AG)<\/li>\n<li>Hackesche H\u00f6fe, Berlin (AG)<\/li>\n<li>B\u00fcroobjekt Dircksenstr., Berlin (AG)<\/li>\n<li>B\u00fcroobjekt Kurf\u00fcrstendamm, Berlin (AG)<\/li>\n<li>Pariser Platz, Berlin (AG)<\/li>\n<li>Artquadrat, Bonn (AG)<\/li>\n<li>Park Tower, Frankfurt (AG)<\/li>\n<li>B\u00fcrohaus, Darmstadt (AG)<\/li>\n<li>B\u00fcrohaus 90\u00b0, Bielefeld (AG)<\/li>\n<li>Projekt Wasserturm, Bremen (PL)<\/li>\n<li>B\u00fcrohaus Versorgungswerke, Berlin (PL)<\/li>\n<li>Upper Eastside, Berlin (PL)<\/li>\n<li>Kranhaus, K\u00f6ln (AG)<\/li>\n<li>B\u00fcrohaus, K\u00f6ln (AG)<\/li>\n<li>Feuerwehr, K\u00f6ln (PL)<\/li>\n<\/ul>\n<p>[\/vc_column_text][\/qode_elements_holder_item][\/qode_elements_holder]    <\/div>\n<\/div><\/div><div class=\"qode-accordion-holder clearfix qode-toggle qode-initial \">\n\t<h3 class=\"clearfix qode-title-holder\">\n<span class=\"qode-tab-title\">\n\t    <span class=\"qode-tab-title-inner\">\n        Kommunale Infrastruktur    <\/span>\n<\/span>\n<span class=\"qode-accordion-mark\">\n    <span class=\"qode-accordion-mark-icon\">\n        <span class=\"icon_plus\"><\/span>\n        <span class=\"icon_minus-06\"><\/span>\n    <\/span>\n<\/span>\n<\/h3>\n<div  class=\"qode-accordion-content \" >\n    <div class=\"qode-accordion-content-inner\">\n        [qode_elements_holder number_of_columns=&#8221;two_columns&#8221;][qode_elements_holder_item vertical_alignment=&#8221;top&#8221; horizontal_alignment=&#8221;left&#8221; advanced_animations=&#8221;no&#8221; item_padding=&#8221;0 30px 0 0&#8243;][vc_column_text]<\/p>\n<h4>Krankenhausbau, Sozial- und kommunale Pflegeeinrichtungen<\/h4>\n<ul>\n<li>Altes Schloss, Baruth\/Mark (AG)<\/li>\n<li>Klinikum Herford (AG)<\/li>\n<li>St\u00e4dtische Krankenhausprojekte in Sachsen und Brandenburg (AG)<\/li>\n<li>AWO-Pflegeheim, Berlin (AG)<\/li>\n<li>Kirchliche Einrichtungen in Berlin und Brandenburg (AG)<\/li>\n<li>Klinikum Sch\u00f6nebeck (AG)<\/li>\n<li>Klinikum Haldensleben (AG)<\/li>\n<li>Uni-Klinik, Aachen (PL)<\/li>\n<li>Klinikum, K\u00f6ln (PL)<\/li>\n<\/ul>\n<p>[\/vc_column_text][vc_empty_space height=&#8221;40px&#8221;][vc_column_text]<\/p>\n<h4>Schulen, Schulzentren, Kitas<\/h4>\n<ul>\n<li>Schulneubauten in Berlin, Brandenburg, Baden-W\u00fcrttemberg und Niedersachsen (AG)<\/li>\n<li>Kita-Neubauten, Berlin, Brandenburg und Mecklenburg-Vorpommern (AG)<\/li>\n<\/ul>\n<p>[\/vc_column_text][vc_empty_space height=&#8221;40px&#8221;][vc_column_text]<\/p>\n<h4>Schwimmb\u00e4der, Sporthallen, kommunale Freizeitanlagen<\/h4>\n<ul>\n<li>Schwimmhalle Charlottenburg, Berlin<\/li>\n<li>Schwimmhalle Buch, Berlin<\/li>\n<li>Paracelsus Bad, Berlin<\/li>\n<li>Schwimmhalle Kreuzberg, Berlin<\/li>\n<li>Sommerbad Wuhlheide, Berlin<\/li>\n<li>Strandbad Wei\u00dfensee, Berlin<\/li>\n<li>Strandbad Gr\u00fcnau, Berlin<\/li>\n<li>Strandbad Pl\u00f6tzensee, Berlin<\/li>\n<li>Strandbad Wendenschlo\u00df, Berlin<\/li>\n<li>Strandbad Wannsee, Berlin<\/li>\n<li>Zweifeld-Sporthalle, Potsdam<\/li>\n<li>Mehrzweckhalle, Potsdam (AG)<\/li>\n<li>div. Sporthallen, Berlin und Brandenburg (AG)<\/li>\n<li>Fu\u00dfballstadion, Halle (PL)<\/li>\n<li>Zoo Hannover (PL)<\/li>\n<li>Tierpark Hellabrunn (PL)<\/li>\n<li>Zoo Berlin (PL)<\/li>\n<li>Tierpark Berlin (PL)<\/li>\n<li>Tierpark M\u00fcnchen (PL)<\/li>\n<li>Sole-Bad, Sch\u00f6nebeck (AG)<\/li>\n<li>Freizeitbad, Calau (AG)<\/li>\n<\/ul>\n<p>[\/vc_column_text][vc_empty_space height=&#8221;40px&#8221;][\/qode_elements_holder_item][qode_elements_holder_item vertical_alignment=&#8221;top&#8221; horizontal_alignment=&#8221;left&#8221; advanced_animations=&#8221;no&#8221; item_padding=&#8221;0 30px 0 0&#8243;][vc_column_text]<\/p>\n<h4>Verwaltungsgeb\u00e4ude<\/h4>\n<ul>\n<li>Rathaus, Sachsen-Anhalt (AG)<\/li>\n<li>Gemeindezentrum, Brandenburg (AG)<\/li>\n<li>Kreishaus, Brandenburg (AG)<\/li>\n<li>Stadthallen (Sanierung), Baden-W\u00fcrttemberg und NRW (PL)<\/li>\n<\/ul>\n<p>[\/vc_column_text][vc_empty_space height=&#8221;40px&#8221;][vc_column_text]<\/p>\n<h4>Kultureinrichtungen, Theater- und Kinobauten<\/h4>\n<ul>\n<li>Staatstheater, Augsburg (PL)<\/li>\n<li>Kulturhaus Bethanien, Berlin (AG)<\/li>\n<li>Kulturfabrik, Berlin (AG)<\/li>\n<li>Freizeitforum Marzahn, Berlin (AG)<\/li>\n<li>Rockhaus, Berlin (AG)<\/li>\n<li>Universit\u00e4t Leipzig (PL)<\/li>\n<li>Meisterh\u00e4user Dessau (PL)<\/li>\n<li>Kinoneubau, Augsburg (AG)<\/li>\n<li>Kulturh\u00e4user und Kulturzentren, Berlin (AG)<\/li>\n<li>Staatsbibliothek, Berlin (PL)<\/li>\n<li>Deichtorhallen, Hamburg (PL)<\/li>\n<li>Museum f\u00fcr Naturkunde, Berlin (PL)<\/li>\n<li>CityCube, Berlin (PL)<\/li>\n<\/ul>\n<p>[\/vc_column_text][vc_empty_space height=&#8221;40px&#8221;][vc_column_text]<\/p>\n<h4>Stra\u00dfen (kommunale)<\/h4>\n<ul>\n<li>in Brandenburg, Sachsen, Sachsen-Anhalt und Bayern (AG)<\/li>\n<li>kommunale Verkehrsberuhigung, Sachsen-Anhalt (AG)<\/li>\n<\/ul>\n<p>[\/vc_column_text][vc_empty_space height=&#8221;40px&#8221;][vc_column_text]<\/p>\n<h4>Erschlie\u00dfungsma\u00dfnahmen<\/h4>\n<ul>\n<li>in Berlin und Brandenburg (AG)<\/li>\n<\/ul>\n<p>[\/vc_column_text][vc_empty_space height=&#8221;40px&#8221;][vc_column_text]<\/p>\n<h4>Kl\u00e4ranlagen und Deponiebau<\/h4>\n<ul>\n<li>Kl\u00e4ranlage Filterhalle Wedemark, Hannover (AG)<\/li>\n<li>Kl\u00e4ranlage, Bad Muskau (AG)<\/li>\n<li>Kl\u00e4ranlage, Wei\u00dfwasser (AG)<\/li>\n<\/ul>\n<p>[\/vc_column_text][\/qode_elements_holder_item][\/qode_elements_holder]    <\/div>\n<\/div><\/div><div class=\"qode-accordion-holder clearfix qode-toggle qode-initial \">\n\t<h3 class=\"clearfix qode-title-holder\">\n<span class=\"qode-tab-title\">\n\t    <span class=\"qode-tab-title-inner\">\n        Wohnungsbau    <\/span>\n<\/span>\n<span class=\"qode-accordion-mark\">\n    <span class=\"qode-accordion-mark-icon\">\n        <span class=\"icon_plus\"><\/span>\n        <span class=\"icon_minus-06\"><\/span>\n    <\/span>\n<\/span>\n<\/h3>\n<div  class=\"qode-accordion-content \" >\n    <div class=\"qode-accordion-content-inner\">\n        [qode_elements_holder number_of_columns=&#8221;two_columns&#8221;][qode_elements_holder_item vertical_alignment=&#8221;top&#8221; horizontal_alignment=&#8221;left&#8221; advanced_animations=&#8221;no&#8221; item_padding=&#8221;0 30px 0 0&#8243;][vc_column_text]<\/p>\n<h4>Wohnparks<\/h4>\n<ul>\n<li>Wohnpark Mahlsdorfer Stra\u00dfe, Berlin (AG)<\/li>\n<li>Genshagener Forst, Genshagen (AG)<\/li>\n<li>An den Weiden, Vehlefanz (AG)<\/li>\n<li>Leben in Mariendorf, Berlin (AG)<\/li>\n<li>Viktoria Quartier, Berlin (AG)<\/li>\n<li>Gartenstadt Falkenh\u00f6h, Falkensee (AG)<\/li>\n<li>Wohnpark M\u00fcritz, Mecklenburg-Vorpommern (AG)<\/li>\n<li>Wohnparkprojekt Taunus (AG)<\/li>\n<li>Wohnviertel Berlin-Dahlem (PL)<\/li>\n<\/ul>\n<p>[\/vc_column_text][vc_empty_space height=&#8221;40px&#8221;][vc_column_text]<\/p>\n<h4>Gewerblicher Mehrfamilien-, Reihen-, Einzelhaus- und Eigentumswohnungsbau<\/h4>\n<ul>\n<li>Wohnungsneubau Mexikoring, Hamburg (AG)<\/li>\n<li>Wohnungsneubau, Erkner (AG)<\/li>\n<li>Wohnungsneubau, F\u00fcrstenwalde (AG)<\/li>\n<li>Wohngeb\u00e4ude, Rostock (AG)<\/li>\n<li>Kurpark Kolonnaden, Bad Saarow<\/li>\n<li>Dorothea\u2019s Place, Berlin<\/li>\n<li>Palais Varnhagen, Berlin<\/li>\n<li>Nikolai G\u00e4rten, Potsdam<\/li>\n<li>sowie in Berlin und bundesweit zahlreiche weitere Projekte (AG)<\/li>\n<\/ul>\n<p>[\/vc_column_text][vc_empty_space height=&#8221;40px&#8221;][\/qode_elements_holder_item][qode_elements_holder_item vertical_alignment=&#8221;top&#8221; horizontal_alignment=&#8221;left&#8221; advanced_animations=&#8221;no&#8221; item_padding=&#8221;0 30px 0 0&#8243;][vc_column_text]<\/p>\n<h4>Seniorenpflegeheime und Betreutes Wohnen<\/h4>\n<ul>\n<li>Seniorenwohnheim, Kiel (AG)<\/li>\n<li>Seniorenwohnheim, Lehrte (AG)<\/li>\n<li>Seniorenwohnheim, Gladbeck (AG)<\/li>\n<li>Seniorenwohnheim, Bremen (AG)<\/li>\n<li>Seniorenwohnheim, Aachen (AG)<\/li>\n<li>Seniorenwohnheim, Berlin (AG)<\/li>\n<li>Seniorenstift, Falkensee (AG)<\/li>\n<\/ul>\n<p>[\/vc_column_text][vc_empty_space height=&#8221;40px&#8221;][vc_column_text]<\/p>\n<h4>Ferienhausanlagen<\/h4>\n<ul>\n<li>Ferienanlage, Ibiza (PL)<\/li>\n<\/ul>\n<p>[\/vc_column_text][\/qode_elements_holder_item][\/qode_elements_holder]    <\/div>\n<\/div><\/div><div class=\"qode-accordion-holder clearfix qode-toggle qode-initial \">\n\t<h3 class=\"clearfix qode-title-holder\">\n<span class=\"qode-tab-title\">\n\t    <span class=\"qode-tab-title-inner\">\n        Verkehrsinfrastruktur    <\/span>\n<\/span>\n<span class=\"qode-accordion-mark\">\n    <span class=\"qode-accordion-mark-icon\">\n        <span class=\"icon_plus\"><\/span>\n        <span class=\"icon_minus-06\"><\/span>\n    <\/span>\n<\/span>\n<\/h3>\n<div  class=\"qode-accordion-content \" >\n    <div class=\"qode-accordion-content-inner\">\n        [qode_elements_holder number_of_columns=&#8221;two_columns&#8221;][qode_elements_holder_item vertical_alignment=&#8221;top&#8221; horizontal_alignment=&#8221;left&#8221; advanced_animations=&#8221;no&#8221; item_padding=&#8221;0 30px 0 0&#8243;][vc_column_text]<\/p>\n<h4>Stra\u00dfen- und Br\u00fcckenbau<\/h4>\n<ul>\n<li>BAB A 111, Brandenburg (AG)<\/li>\n<li>Ausbau K 79 Brandenburg (AG)<\/li>\n<li>BAB A 113, Berlin (AG)<\/li>\n<li>BAB A 2 Elbequerung, Magdeburg (PL)<\/li>\n<li>BAB A 100 (Sanierung), Berlin (AG)<\/li>\n<li>BAB A 100 (Neubau), Berlin (AG)<\/li>\n<li>Friedensbr\u00fccke Dessau-Ro\u00dflau (AG)<\/li>\n<li>Nutheschnellstr., Potsdam (AG)<\/li>\n<li>Ortsumgehung Senftenberg (AG)<\/li>\n<li>Europa-Radweg \u201eTour Brandenburg\u201c (AG)<\/li>\n<li>Eisenbahn\u00fcberf\u00fchrung Rathenaustra\u00dfe, Frankfurt (Oder) (AG)<\/li>\n<\/ul>\n<p>[\/vc_column_text][vc_empty_space height=&#8221;40px&#8221;][vc_column_text]<\/p>\n<h4>Schienentrassen, Bahnh\u00f6fe<\/h4>\n<ul>\n<li>S-Bahnstationen-Ert\u00fcchtigung, Nordrhein-Westfalen (PL)<\/li>\n<li>City Tunnel, Leipzig (PL)<\/li>\n<li>Ostkreuz, Berlin (AG)<\/li>\n<li>Hbf Frankfurt (MiB) (AG)<\/li>\n<li>Revitalisierung Industrie-Gleisanlagen, Berlin\/Brandenburg (AG)<\/li>\n<li>EStWs und Trassenerneuerungen, Berlin, Brandenburg und Baden-W\u00fcrttemberg (AG)<\/li>\n<li>U-Bahnhof in Berlin (PL)<\/li>\n<li>Hauptbahnhof, Berlin (PL)<\/li>\n<li>Stuttgart 21 (PL)<\/li>\n<\/ul>\n<p>[\/vc_column_text][vc_empty_space height=&#8221;40px&#8221;][vc_column_text]<\/p>\n<h4>Flughafenbau<\/h4>\n<ul>\n<li>HUB, Leipzig (PL)<\/li>\n<li>A 380-Halle, Frankfurt (PL)<\/li>\n<li>Erweiterung Flughafen M\u00fcnchen (PL)<\/li>\n<li>Terminal 1, Frankfurt (PL)<\/li>\n<li>Erweiterung Flughafen Frankfurt (PL)<\/li>\n<li>Flughafen BER (PL)<\/li>\n<\/ul>\n<p>[\/vc_column_text][vc_empty_space height=&#8221;40px&#8221;][\/qode_elements_holder_item][qode_elements_holder_item vertical_alignment=&#8221;top&#8221; horizontal_alignment=&#8221;left&#8221; advanced_animations=&#8221;no&#8221; item_padding=&#8221;0 30px 0 0&#8243;][vc_column_text]<\/p>\n<h4>\u00d6PNV<\/h4>\n<ul>\n<li>Schienenfahrzeugbeschaffung, Baden-W\u00fcrttemberg (AG)<\/li>\n<li>Neubau Schienentrassen, Freiburg (AG)<\/li>\n<li>Neubau Schienentrassen, Baden-W\u00fcrttemberg (AG)<\/li>\n<li>Ausschreibung Dienstleistungskonzessionen (Werbefl\u00e4chen), Baden-W\u00fcrttemberg (AG)<\/li>\n<li>Sanierungsgebiet Kreuzmatt Kehl (AG)<\/li>\n<li>Deutsch-franz\u00f6sisches Stra\u00dfenbahnprojekt Kehl\/Stra\u00dfburg (AG)<\/li>\n<\/ul>\n<p>[\/vc_column_text][vc_empty_space height=&#8221;40px&#8221;][vc_column_text]<\/p>\n<h4>See- und Binnenh\u00e4fen, Talsperren und Schleusen<\/h4>\n<ul>\n<li>Sassnitz F\u00e4hrhafen (PL)<\/li>\n<li>Marina-Projekt, Brandenburg (AG)<\/li>\n<li>Schleuse Spandau<\/li>\n<li>Schleuse Kersdorf<\/li>\n<li>Hochwasserschutzanlagen, Bayern (PL)<\/li>\n<\/ul>\n<p>[\/vc_column_text][vc_empty_space height=&#8221;40px&#8221;][vc_column_text]<\/p>\n<h4>G\u00fcterverkehrs- und Logistikzentren<\/h4>\n<ul>\n<li>Mechanische Zustellbasen in Dresden, Kleinmachnow und andere Standorte (AG)<\/li>\n<li>H &amp; M Distributionscenter, Hamburg (PL)<\/li>\n<li>G\u00fcterverkehrszentrum bei Berlin (AG)<\/li>\n<li>Logistikzentrallager, Berlin (AG)<\/li>\n<li>Logistikzentrum Wernberg-K\u00f6blitz (AG)<\/li>\n<\/ul>\n<p>[\/vc_column_text][vc_empty_space height=&#8221;40px&#8221;][vc_column_text]<\/p>\n<h4>Multi-Service-Center, Rast- und Tankstellen<\/h4>\n<ul>\n<li>Multi-Service-Center, u. a. in Berlin, Wuppertal, Frankfurt und diversen anderen Standorten (AG)<\/li>\n<li>Aufbau des Tankstellennetzes einer europ\u00e4ischen staatlichen Mineral\u00f6lgesellschaft (AG)<\/li>\n<\/ul>\n<p>[\/vc_column_text][\/qode_elements_holder_item][\/qode_elements_holder]    <\/div>\n<\/div><\/div><div class=\"qode-accordion-holder clearfix qode-toggle qode-initial \">\n\t<h3 class=\"clearfix qode-title-holder\">\n<span class=\"qode-tab-title\">\n\t    <span class=\"qode-tab-title-inner\">\n        L\u00e4ndliche Infrastruktur    <\/span>\n<\/span>\n<span class=\"qode-accordion-mark\">\n    <span class=\"qode-accordion-mark-icon\">\n        <span class=\"icon_plus\"><\/span>\n        <span class=\"icon_minus-06\"><\/span>\n    <\/span>\n<\/span>\n<\/h3>\n<div  class=\"qode-accordion-content \" >\n    <div class=\"qode-accordion-content-inner\">\n        [qode_elements_holder number_of_columns=&#8221;two_columns&#8221;][qode_elements_holder_item vertical_alignment=&#8221;top&#8221; horizontal_alignment=&#8221;left&#8221; advanced_animations=&#8221;no&#8221; item_padding=&#8221;0 30px 0 0&#8243;][vc_column_text]<\/p>\n<h4>Biogasanlagen<\/h4>\n<ul>\n<li>in Gladbach, Guben und Gross Tessin (AG)<\/li>\n<\/ul>\n<p>[\/vc_column_text][vc_empty_space height=&#8221;40px&#8221;][vc_column_text]<\/p>\n<h4>Mast- und Fischzuchtanlagen<\/h4>\n<ul>\n<li>Mecklenburg-Vorpommern (AG)<\/li>\n<\/ul>\n<p>[\/vc_column_text][vc_empty_space height=&#8221;40px&#8221;][\/qode_elements_holder_item][qode_elements_holder_item vertical_alignment=&#8221;top&#8221; horizontal_alignment=&#8221;left&#8221; advanced_animations=&#8221;no&#8221; item_padding=&#8221;0 30px 0 0&#8243;][vc_column_text]<\/p>\n<h4>EU-Strukturf\u00f6rderung<\/h4>\n<ul>\n<li>u.a. Gewerbepark Pl\u00f6tzin (AG)<\/li>\n<\/ul>\n<p>[\/vc_column_text][\/qode_elements_holder_item][\/qode_elements_holder]    <\/div>\n<\/div><\/div><div class=\"qode-accordion-holder clearfix qode-toggle qode-initial \">\n\t<h3 class=\"clearfix qode-title-holder\">\n<span class=\"qode-tab-title\">\n\t    <span class=\"qode-tab-title-inner\">\n        Energie- und Telekommunikationswirtschaft    <\/span>\n<\/span>\n<span class=\"qode-accordion-mark\">\n    <span class=\"qode-accordion-mark-icon\">\n        <span class=\"icon_plus\"><\/span>\n        <span class=\"icon_minus-06\"><\/span>\n    <\/span>\n<\/span>\n<\/h3>\n<div  class=\"qode-accordion-content \" >\n    <div class=\"qode-accordion-content-inner\">\n        [qode_elements_holder number_of_columns=&#8221;two_columns&#8221;][qode_elements_holder_item vertical_alignment=&#8221;top&#8221; horizontal_alignment=&#8221;left&#8221; advanced_animations=&#8221;no&#8221; item_padding=&#8221;0 30px 0 0&#8243;][vc_column_text]<\/p>\n<h4>\u00dcbertragungsnetze<\/h4>\n<ul>\n<li>Hochspannungsnetze im Norden und Osten Deutschlands (AG)<\/li>\n<li>Glasfasernetzausbau, Niedersachsen (AG)<\/li>\n<\/ul>\n<p>[\/vc_column_text][vc_empty_space height=&#8221;40px&#8221;][vc_column_text]<\/p>\n<h4>Fernw\u00e4rmetrassen<\/h4>\n<ul>\n<li>in Nordrhein-Westfalen und Sachsen-Anhalt (AG)<\/li>\n<\/ul>\n<p>[\/vc_column_text][vc_empty_space height=&#8221;40px&#8221;][vc_column_text]<\/p>\n<h4>Telekommunikationsnetze<\/h4>\n<ul>\n<li>Neuerrichtung Digitalfunknetz (AG)<\/li>\n<li>Neuerrichtung Sicherheitsfunknetz (Glasfaser) (AG)<\/li>\n<\/ul>\n<p>[\/vc_column_text][vc_empty_space height=&#8221;40px&#8221;][\/qode_elements_holder_item][qode_elements_holder_item vertical_alignment=&#8221;top&#8221; horizontal_alignment=&#8221;left&#8221; advanced_animations=&#8221;no&#8221; item_padding=&#8221;0 30px 0 0&#8243;][vc_column_text]<\/p>\n<h4>Photovoltaikkraftwerke, sonstige EEG-Anlagen sowie Windparks<\/h4>\n<ul>\n<li>Photovoltaikkraftwerke und Solarparks in Herzberg, Glau, Cahnsdorf, Euskirchen und weitere Standorte (AG)<\/li>\n<li>Windparks in Brandenburg und Sachsen (AG)<\/li>\n<li>Windparkprojekt, Frankreich (AG)<\/li>\n<li>BHKW-Projekte, Berlin und Brandenburg (AG)<\/li>\n<\/ul>\n<p>[\/vc_column_text][\/qode_elements_holder_item][\/qode_elements_holder]    <\/div>\n<\/div><\/div><div class=\"qode-accordion-holder clearfix qode-toggle qode-initial \">\n\t<h3 class=\"clearfix qode-title-holder\">\n<span class=\"qode-tab-title\">\n\t    <span class=\"qode-tab-title-inner\">\n        Industrie- und Anlagenbau    <\/span>\n<\/span>\n<span class=\"qode-accordion-mark\">\n    <span class=\"qode-accordion-mark-icon\">\n        <span class=\"icon_plus\"><\/span>\n        <span class=\"icon_minus-06\"><\/span>\n    <\/span>\n<\/span>\n<\/h3>\n<div  class=\"qode-accordion-content \" >\n    <div class=\"qode-accordion-content-inner\">\n        [qode_elements_holder number_of_columns=&#8221;two_columns&#8221;][qode_elements_holder_item vertical_alignment=&#8221;top&#8221; horizontal_alignment=&#8221;left&#8221; advanced_animations=&#8221;no&#8221; item_padding=&#8221;0 30px 0 0&#8243;][vc_column_text]<\/p>\n<h4>Industrieanlagen<\/h4>\n<ul>\n<li>Produktionsanlage Kosmetikindustrie, Bechhofen, Bayern (AG)<\/li>\n<li>Fertigungsgeb\u00e4ude Solarzellen, Berlin (AG)<\/li>\n<li>Metallwerke, Hettstedt (AG)<\/li>\n<li>Automobilzulieferer, Brandenburg (AG)<\/li>\n<li>Polyethylene Plant, V.A.E. (PL)<\/li>\n<\/ul>\n<p>[\/vc_column_text][vc_empty_space height=&#8221;40px&#8221;][\/qode_elements_holder_item][qode_elements_holder_item vertical_alignment=&#8221;top&#8221; horizontal_alignment=&#8221;left&#8221; advanced_animations=&#8221;no&#8221; item_padding=&#8221;0 30px 0 0&#8243;][vc_column_text]<\/p>\n<h4>Recyclinganlagen, Abfalltechnik<\/h4>\n<ul>\n<li>Deponie, Brandenburg (AG)<\/li>\n<\/ul>\n<p>[\/vc_column_text][\/qode_elements_holder_item][\/qode_elements_holder]    <\/div>\n<\/div><\/div><div class=\"qode-accordion-holder clearfix qode-toggle qode-initial \">\n\t<h3 class=\"clearfix qode-title-holder\">\n<span class=\"qode-tab-title\">\n\t    <span class=\"qode-tab-title-inner\">\n        Repr\u00e4sentationsbauten    <\/span>\n<\/span>\n<span class=\"qode-accordion-mark\">\n    <span class=\"qode-accordion-mark-icon\">\n        <span class=\"icon_plus\"><\/span>\n        <span class=\"icon_minus-06\"><\/span>\n    <\/span>\n<\/span>\n<\/h3>\n<div  class=\"qode-accordion-content \" >\n    <div class=\"qode-accordion-content-inner\">\n        [qode_elements_holder number_of_columns=&#8221;two_columns&#8221;][qode_elements_holder_item vertical_alignment=&#8221;top&#8221; horizontal_alignment=&#8221;left&#8221; advanced_animations=&#8221;no&#8221; item_padding=&#8221;0 30px 0 0&#8243;][vc_column_text]<\/p>\n<ul>\n<li>Neubau Botschaft Republik T\u00fcrkei, Berlin (AG)<\/li>\n<li>Deutsche Botschaft Bagdad, Irak (AG)<\/li>\n<\/ul>\n<p>[\/vc_column_text][\/qode_elements_holder_item][\/qode_elements_holder]    <\/div>\n<\/div><\/div>[\/vc_column][\/vc_row][vc_row css_animation=&#8221;&#8221; row_type=&#8221;row&#8221; use_row_as_full_screen_section=&#8221;no&#8221; type=&#8221;grid&#8221; angled_section=&#8221;no&#8221; text_align=&#8221;left&#8221; background_image_as_pattern=&#8221;without_pattern&#8221; z_index=&#8221;&#8221; padding_top=&#8221;60&#8243; padding_bottom=&#8221;60&#8243;][vc_column width=&#8221;3\/4&#8243;][vc_column_text]<\/p>\n<h2>Industries<\/h2>\n<p>[\/vc_column_text][vc_empty_space height=&#8221;20px&#8221;][vc_column_text]TSP provides a comprehensive range of legal advice and other services to all stakeholders in the field of construction and real estate, be they companies or public agencies.<\/p>\n<p>The industries TSP is currently serving:<\/p>\n<ul>\n<li>Public-sector and commercial clients in the construction and real estate industries<\/li>\n<li>L\u00e4nder (German federal states), municipalities and publicly owned companies<\/li>\n<li>Institutional investors, real estate portfolios and real estate funds<\/li>\n<li>Developers planning and constructing properties and project developers<\/li>\n<li>Planning, engineering and project management firms<\/li>\n<li>Housing construction companies<\/li>\n<li>Transportation companies, Energy companies and public utility providers<\/li>\n<li>Hospitals, hospital management companies and associations, and companies in the health care sector<\/li>\n<\/ul>\n<p>[\/vc_column_text][\/vc_column][vc_column width=&#8221;1\/4&#8243;][\/vc_column][\/vc_row]<\/p>\n<\/div>","protected":false},"excerpt":{"rendered":"<p>[vc_row css_animation=&#8221;&#8221; row_type=&#8221;row&#8221; use_row_as_full_screen_section=&#8221;no&#8221; type=&#8221;grid&#8221; angled_section=&#8221;no&#8221; text_align=&#8221;left&#8221; background_image_as_pattern=&#8221;without_pattern&#8221; z_index=&#8221;&#8221; padding_top=&#8221;60&#8243; padding_bottom=&#8221;60&#8243; anchor=&#8221;referenzen&#8221;][vc_column][vc_column_text] References [\/vc_column_text][vc_empty_space height=&#8221;20px&#8221;][\/vc_column][\/vc_row][vc_row css_animation=&#8221;&#8221; row_type=&#8221;row&#8221; use_row_as_full_screen_section=&#8221;no&#8221; type=&#8221;grid&#8221; angled_section=&#8221;no&#8221; text_align=&#8221;left&#8221; background_image_as_pattern=&#8221;without_pattern&#8221; z_index=&#8221;&#8221; padding_top=&#8221;60&#8243; padding_bottom=&#8221;60&#8243;][vc_column width=&#8221;3\/4&#8243;][vc_column_text] Industries [\/vc_column_text][vc_empty_space height=&#8221;20px&#8221;][vc_column_text]TSP provides a comprehensive range of legal advice and other services to all stakeholders in the field&#8230;<\/p>\n","protected":false},"author":541,"featured_media":0,"parent":0,"menu_order":25,"comment_status":"closed","ping_status":"closed","template":"full_width.php","meta":{"_acf_changed":false,"footnotes":""},"categories":[],"class_list":["post-2177","page","type-page","status-publish","hentry"],"acf":[],"_links":{"self":[{"href":"https:\/\/www.ts-law.de\/en\/wp-json\/wp\/v2\/pages\/2177","targetHints":{"allow":["GET"]}}],"collection":[{"href":"https:\/\/www.ts-law.de\/en\/wp-json\/wp\/v2\/pages"}],"about":[{"href":"https:\/\/www.ts-law.de\/en\/wp-json\/wp\/v2\/types\/page"}],"author":[{"embeddable":true,"href":"https:\/\/www.ts-law.de\/en\/wp-json\/wp\/v2\/users\/541"}],"replies":[{"embeddable":true,"href":"https:\/\/www.ts-law.de\/en\/wp-json\/wp\/v2\/comments?post=2177"}],"version-history":[{"count":0,"href":"https:\/\/www.ts-law.de\/en\/wp-json\/wp\/v2\/pages\/2177\/revisions"}],"wp:attachment":[{"href":"https:\/\/www.ts-law.de\/en\/wp-json\/wp\/v2\/media?parent=2177"}],"wp:term":[{"taxonomy":"category","embeddable":true,"href":"https:\/\/www.ts-law.de\/en\/wp-json\/wp\/v2\/categories?post=2177"}],"curies":[{"name":"wp","href":"https:\/\/api.w.org\/{rel}","templated":true}]}}